{"id":168,"date":"2024-03-15T06:29:40","date_gmt":"2024-03-15T06:29:40","guid":{"rendered":"https:\/\/afgrc.com\/?page_id=168"},"modified":"2024-03-15T06:34:54","modified_gmt":"2024-03-15T06:34:54","slug":"hakkimizda","status":"publish","type":"page","link":"https:\/\/afgrc.com\/index.php\/tr\/hakkimizda\/","title":{"rendered":"Hakk\u0131m\u0131zda"},"content":{"rendered":"\t\t<div data-elementor-type=\"wp-page\" data-elementor-id=\"168\" class=\"elementor elementor-168\">\n\t\t\t\t<div class=\"elementor-element elementor-element-9358e1e e-flex e-con-boxed e-con e-parent\" data-id=\"9358e1e\" data-element_type=\"container\">\n\t\t\t\t\t<div class=\"e-con-inner\">\n\t\t\t\t<div class=\"elementor-element elementor-element-455035f elementor-widget elementor-widget-text-editor\" data-id=\"455035f\" data-element_type=\"widget\" data-widget_type=\"text-editor.default\">\n\t\t\t\t<div class=\"elementor-widget-container\">\n\t\t\t\t\t\t\t\t\t<p style=\"box-sizing: inherit; color: #404040;\">Afganistan Ara\u015ft\u0131rmalar\u0131 ve \u00c7al\u0131\u015fmalar\u0131 Merkezi, uluslararas\u0131 arenada Afganistan\u2019\u0131n k\u00fclt\u00fcrel, tarihsel, sosyal, ekonomik, siyasal ve diplomatik alanlar\u0131nda ara\u015ft\u0131rmalar ve \u00e7al\u0131\u015fmalar yapmak \u00fczere kurulmu\u015ftur. Afganistan Ara\u015ft\u0131rmalar\u0131 ve \u00c7al\u0131\u015fmalar\u0131 Merkezi k\u00e2r amac\u0131 g\u00fctmeyen tarafs\u0131z ve ba\u011f\u0131ms\u0131z bir ara\u015ft\u0131rma merkezidir. Afganistan Ara\u015ft\u0131rmalar\u0131 ve \u00c7al\u0131\u015fmalar\u0131 Merkezi; belirtilen alanlarda incelemeler, \u00e7al\u0131\u015fmalar ve ara\u015ft\u0131rmalar yapmak \u00fczere Afganistan\u2019\u0131n gelece\u011fi olan \u201cgen\u00e7lerin\u201d bu alanlarda bilgi ve becerilerini art\u0131rmak amac\u0131yla bilimsel ve objektif \u015fekilde \u00e7al\u0131\u015fma yapan bir platformdur.<\/p><p style=\"box-sizing: inherit; color: #404040;\"><span style=\"box-sizing: inherit; font-weight: bolder;\">Misyonumuz:<\/span><\/p><p style=\"box-sizing: inherit; color: #404040;\">Afganistan Ara\u015ft\u0131rmalar\u0131 ve \u00c7al\u0131\u015fmalar\u0131 Merkezi, Afganistan\u2019\u0131n ge\u00e7mi\u015ften g\u00fcn\u00fcm\u00fcze kadar gelen istikrars\u0131zl\u0131\u011f\u0131na, g\u00fcvensizli\u011fine ve kal\u0131c\u0131 bir bar\u0131\u015f\u0131n s\u00fcrd\u00fcr\u00fclememesine tarafs\u0131z \u015fekilde bilimsel ara\u015ft\u0131rmalar ve \u00e7al\u0131\u015fmalar yapmak \u00fczere bu sorunlara \u00e7\u00f6z\u00fcm yolu bulabilece\u011fine inanmaktad\u0131r. Dolays\u0131yla Afganistan ba\u015fta olmak \u00fczere di\u011fer \u00fclkelerde de Afganistan ile ilgili akademik \u00e7al\u0131\u015fma, bilimsel ara\u015ft\u0131rma ve di\u011fer \u00e7al\u0131\u015fmalar\u0131n eksikli\u011fi nedeniyle bu konuda \u00e7al\u0131\u015fmalar y\u00fcr\u00fctmektedir. Bu \u00e7al\u0131\u015fmalar do\u011frultusunda ara\u015ft\u0131rma, e\u011fitim, yay\u0131n, at\u00f6lye, seminer, kongre ve konferanslar\u0131 ger\u00e7ekle\u015ftirmek \u00fczere Afganistan\u2019a ve uluslararas\u0131 kamuoyuna do\u011fru bir bi\u00e7imde tarafs\u0131z ve ba\u011f\u0131ms\u0131z \u015fekilde sunmaktad\u0131r.<\/p><p style=\"box-sizing: inherit; color: #404040;\"><span style=\"box-sizing: inherit; font-weight: bolder;\">Vizyonumuz:<\/span><\/p><p style=\"box-sizing: inherit; color: #404040;\">Afganistan Ara\u015ft\u0131rmalar\u0131 ve \u00c7al\u0131\u015fmalar\u0131 Merkezi ekibi; \u00e7al\u0131\u015fma potansiyeli y\u00fcksek olan ahlaki, ulusal ve uluslararas\u0131 de\u011ferleri g\u00f6z \u00f6n\u00fcnde bulundurarak akademisyen, ara\u015ft\u0131rmac\u0131 ve ayd\u0131nlar ile birlikte geli\u015ftirilecek projeler sonucunda ulusal ve uluslararas\u0131 literat\u00fcre katk\u0131 sa\u011flamakla birlikte Afganistan\u2019\u0131n di\u011fer \u00fclkeler ile ili\u015fkilerinde \u00f6nemli \u00e7al\u0131\u015fmalar y\u00fcr\u00fctmeyi hedeflemektedir. Afganistan Ara\u015ft\u0131rmalar\u0131 ve \u00c7al\u0131\u015fmalar\u0131 Merkezi, ara\u015ft\u0131rmalar\u0131nda ak\u0131lc\u0131 bir \u015fekilde \u00e7al\u0131\u015fma y\u00fcr\u00fcterek yak\u0131n zamanda Afganistan\u2019\u0131n en \u00f6nemli ara\u015ft\u0131rma merkezi haline gelmeyi hedeflemektedir.<\/p>\t\t\t\t\t\t\t\t<\/div>\n\t\t\t\t<\/div>\n\t\t\t\t\t<\/div>\n\t\t\t\t<\/div>\n\t\t\t\t<\/div>\n\t\t","protected":false},"excerpt":{"rendered":"<p>Afganistan Ara\u015ft\u0131rmalar\u0131 ve \u00c7al\u0131\u015fmalar\u0131 Merkezi, uluslararas\u0131 arenada Afganistan\u2019\u0131n k\u00fclt\u00fcrel, tarihsel, sosyal, ekonomik, siyasal ve diplomatik alanlar\u0131nda ara\u015ft\u0131rmalar ve \u00e7al\u0131\u015fmalar yapmak \u00fczere kurulmu\u015ftur. Afganistan Ara\u015ft\u0131rmalar\u0131 ve \u00c7al\u0131\u015fmalar\u0131 Merkezi k\u00e2r amac\u0131 g\u00fctmeyen tarafs\u0131z ve ba\u011f\u0131ms\u0131z bir ara\u015ft\u0131rma merkezidir. Afganistan Ara\u015ft\u0131rmalar\u0131 ve \u00c7al\u0131\u015fmalar\u0131 Merkezi; belirtilen alanlarda incelemeler, \u00e7al\u0131\u015fmalar ve ara\u015ft\u0131rmalar yapmak \u00fczere Afganistan\u2019\u0131n gelece\u011fi olan \u201cgen\u00e7lerin\u201d bu alanlarda&#8230;<\/p>\n","protected":false},"author":1,"featured_media":0,"parent":0,"menu_order":0,"comment_status":"closed","ping_status":"closed","template":"","meta":{"footnotes":""},"_links":{"self":[{"href":"https:\/\/afgrc.com\/index.php\/wp-json\/wp\/v2\/pages\/168"}],"collection":[{"href":"https:\/\/afgrc.com\/index.php\/wp-json\/wp\/v2\/pages"}],"about":[{"href":"https:\/\/afgrc.com\/index.php\/wp-json\/wp\/v2\/types\/page"}],"author":[{"embeddable":true,"href":"https:\/\/afgrc.com\/index.php\/wp-json\/wp\/v2\/users\/1"}],"replies":[{"embeddable":true,"href":"https:\/\/afgrc.com\/index.php\/wp-json\/wp\/v2\/comments?post=168"}],"version-history":[{"count":3,"href":"https:\/\/afgrc.com\/index.php\/wp-json\/wp\/v2\/pages\/168\/revisions"}],"predecessor-version":[{"id":171,"href":"https:\/\/afgrc.com\/index.php\/wp-json\/wp\/v2\/pages\/168\/revisions\/171"}],"wp:attachment":[{"href":"https:\/\/afgrc.com\/index.php\/wp-json\/wp\/v2\/media?parent=168"}],"curies":[{"name":"wp","href":"https:\/\/api.w.org\/{rel}","templated":true}]}}